{"id":50917,"date":"2021-06-18T07:34:08","date_gmt":"2021-06-18T05:34:08","guid":{"rendered":"https:\/\/crematoriumvenlo.nl\/rueckstellungen-gedenkstaette\/"},"modified":"2025-01-07T14:21:01","modified_gmt":"2025-01-07T13:21:01","slug":"rueckstellungen-gedenkstaette","status":"publish","type":"page","link":"https:\/\/crematoriumvenlo.nl\/de\/rueckstellungen-gedenkstaette\/","title":{"rendered":"R\u00fcckstellungen Gedenkst\u00e4tte"},"content":{"rendered":"\t\t<div data-elementor-type=\"wp-page\" data-elementor-id=\"50917\" class=\"elementor elementor-50917 elementor-4244\" data-elementor-post-type=\"page\">\n\t\t\t\t\t\t<section class=\"elementor-section elementor-top-section elementor-element elementor-element-cdadf71 elementor-section-boxed elementor-section-height-default elementor-section-height-default\" data-id=\"cdadf71\" data-element_type=\"section\" data-e-type=\"section\">\n\t\t\t\t\t\t<div class=\"elementor-container elementor-column-gap-default\">\n\t\t\t\t\t<div class=\"elementor-column elementor-col-100 elementor-top-column elementor-element elementor-element-597d303\" data-id=\"597d303\" data-element_type=\"column\" data-e-type=\"column\">\n\t\t\t<div class=\"elementor-widget-wrap elementor-element-populated\">\n\t\t\t\t\t\t<div class=\"elementor-element elementor-element-c495bea elementor-widget elementor-widget-heading\" data-id=\"c495bea\" data-element_type=\"widget\" data-e-type=\"widget\" data-widget_type=\"heading.default\">\n\t\t\t\t<div class=\"elementor-widget-container\">\n\t\t\t\t\t<h2 class=\"elementor-heading-title elementor-size-default\"><h2 data-elementor-setting-key=\"title\" data-pen-placeholder=\"Hier typen...\">R\u00fcckstellungen Gedenkst\u00e4tte<\/h2><\/h2>\t\t\t\t<\/div>\n\t\t\t\t<\/div>\n\t\t\t\t<div class=\"elementor-element elementor-element-f2f46ad elementor-widget elementor-widget-text-editor\" data-id=\"f2f46ad\" data-element_type=\"widget\" data-e-type=\"widget\" data-widget_type=\"text-editor.default\">\n\t\t\t\t<div class=\"elementor-widget-container\">\n\t\t\t\t\t\t\t\t\t<p><a href=\"https:\/\/bc-westerveld.nl\/wp-content\/uploads\/2021\/09\/bepalingen-gedenkteken-BCW.pdf\" target=\"_blank\" rel=\"noopener\"><strong>PDF<\/strong><\/a><\/p>\n<p><span style=\"font-family: var( --e-global-typography-text-font-family ), Sans-serif; font-size: var( --e-global-typography-1435b19-font-size ); font-weight: var( --e-global-typography-1435b19-font-weight ); letter-spacing: var( --e-global-typography-1435b19-letter-spacing ); color: var( --e-global-color-d7c5ed8 );\">Die Gr\u00e4ber auf Westerveld liegen mitten in der Natur. Gesch\u00fctzt unter alten Eichen, zwischen Denkm\u00e4lern und Mausoleen, sind sie Teil der Ewigkeit. Bei einem gef\u00fchrten Rundgang durch den Park informieren Sie unsere Mitarbeiter gerne \u00fcber die verschiedenen Bestattungsm\u00f6glichkeiten. Haben Sie ein Anliegen oder eine Frage? Dann kontaktieren Sie uns bitte. Unsere Mitarbeiter werden gerne mit Ihnen mitdenken.     <\/span><\/p>\n<p>Die Genehmigung zum Aufstellen oder \u00c4ndern einer Gedenkst\u00e4tte muss schriftlich bei der Verwaltung von Westerveld Cemetery &amp; Crematorium mit dem Antragsformular beantragt werden, das diesem Reglement beiliegt.<\/p>\n<p>Diesem Antrag ist eine ma\u00dfstabsgetreue Zeichnung (vorzugsweise 1 : 10) beizuf\u00fcgen, die die folgenden Details zeigt:<\/p>\n<ul style=\"font-size: 16px; background-color: #ffffff;\">\n<li style=\"font-size: 16px;\">Draufsicht, Vorder- und Seitenansicht des Denkmals<\/li>\n<li style=\"font-size: 16px;\">das Material<\/li>\n<li style=\"font-size: 16px;\">die Abmessungen<\/li>\n<li style=\"font-size: 16px;\">die anzubringende Beschriftung (Text und Schriftart)<\/li>\n<\/ul>\n<p>Der Antrag muss von der Person, die Anspruch auf die Grabstelle hat, oder ihrem Vertreter unterzeichnet sein. Falsche und\/oder unvollst\u00e4ndige Antr\u00e4ge werden nicht ber\u00fccksichtigt. <\/p>\n<p>Es ist wichtig, die Genehmigung fr\u00fchzeitig zu beantragen und mit der Ausf\u00fchrung der Arbeiten zu warten, bis Sie die Genehmigung erhalten haben.<\/p>\n<p>Die Kosten f\u00fcr eine Genehmigung zur Aufstellung oder \u00c4nderung eines Grabmals auf dem Friedhof (Aufstellungsgeb\u00fchren) werden auf der Grundlage eines Prozentsatzes des Preises berechnet, der dem Kunden in Rechnung gestellt wird, ohne die Kosten f\u00fcr die Anbringung der Inschrift, die Bereitstellung des Fundaments und die zu zahlende Mehrwertsteuer. Dieser Prozentsatz wird im Kaufvertrag oder in der Grabmietungsurkunde angegeben. F\u00fcr Urneng\u00e4rten gelten feste Betr\u00e4ge.  <\/p>\n<p>Die Gesch\u00e4ftsleitung hat das Recht, einen Antrag jederzeit abzulehnen.<\/p>\n<p>Wenn der Antrag genehmigt wird, wird die Genehmigung zusammen mit der Rechnung f\u00fcr die Aufstellungsgeb\u00fchr verschickt. Nach Zahlung der Platzierungsgeb\u00fchren kann das Denkmal aufgestellt werden oder das vorhandene Denkmal kann entfernt und f\u00fcr die Anbringung zus\u00e4tzlicher Inschriften ausgetauscht werden, allerdings nur nach Vereinbarung. <\/p>\n<p>Der Genehmigungsinhaber muss sich mindestens zwei Tage im Voraus telefonisch mit dem Friedhof &amp; Krematorium Westerveld in Verbindung setzen, um einen Termin f\u00fcr die Aufstellung des Denkmals oder &#8211; im Falle einer zus\u00e4tzlichen Inschrift &#8211; f\u00fcr die Abholung und auch die R\u00fcckgabe des vorhandenen Denkmals zu vereinbaren.<\/p>\n<p>Aufgrund der Fertigstellung der Gr\u00e4ber ist das Aufstellen oder \u00c4ndern eines Grabmals am Freitagnachmittag, Samstag und Sonntag nicht gestattet.<\/p>\n<p>Der Transport der notwendigen Materialien und ihre Lagerung im Gedenkpark sowie die Aufstellung des Denkmals erfolgen auf Anweisung des Teamleiters Green oder seines Stellvertreters.<\/p>\n<p>Sch\u00e4den, die durch Handlungen des Lizenznehmers (seiner Mitarbeiter) oder von Personen, die in seinem Namen handeln, verursacht werden, gehen zu Lasten des Lizenznehmers.<\/p>\n<p>W\u00e4hrend einer Beerdigung oder Ein\u00e4scherung m\u00fcssen die Arbeiten notfalls unterbrochen werden. Eine Gedenkst\u00e4tte darf nur aus Materialien bestehen, die von guter Qualit\u00e4t sind und bekannterma\u00dfen den Witterungseinfl\u00fcssen und den Folgen der Aufstellung in einem Naturschutzgebiet standhalten. In bestimmten, vor allem \u00e4lteren Teilen des Parks muss \u00fcber die zu verwendenden Materialien nachgedacht werden. Es wird auch darauf geachtet, ob das Denkmal in die Umgebung passt.   <\/p>\n<p>Das Grabmal sollte ein solides Fundament haben und einschlie\u00dflich einer eventuellen Bepflanzung nicht mehr Platz beanspruchen als die Gr\u00f6\u00dfe der Grabstelle. Grabsteine (auch auf Riffen) und Markierungen sollten auf einem Stahlbetonfundament stehen. Falls erforderlich, sollten die Bestandteile des Grabmals mit geeigneten D\u00fcbeln miteinander verbunden werden.  <\/p>\n<p>Kies (einschlie\u00dflich Marmorkies) und B\u00f6den d\u00fcrfen nur zwischen B\u00e4ndern aus Naturstein und auf einem Untergrund aus Beton (Platten) verwendet werden.<\/p>\n<p>Die Anbringung von zerbrechlichen Ornamenten, einschlie\u00dflich Glas, wird nur unter bestimmten Bedingungen genehmigt und erfolgt auf Ihr eigenes Risiko. Die zul\u00e4ssige Mindestst\u00e4rke von Glas betr\u00e4gt 1,9 cm. <\/p>\n<p>Auch f\u00fcr das Aufstellen von tempor\u00e4ren Gedenkst\u00e4tten muss eine Genehmigung beantragt werden. Die Genehmigung wird f\u00fcr einen bestimmten Zeitraum erteilt. <\/p>\n<p>Es k\u00f6nnen sowohl erhabene als auch eingravierte Buchstaben verwendet werden. Bronze- und Aluminiumbuchstaben m\u00fcssen mit Stiften mit einer Mindestl\u00e4nge von 1 cm am Stein befestigt werden. Der Lizenznehmer bleibt f\u00fcr die Befestigung von Bronze- und Aluminiumbuchstaben verantwortlich und ist im Falle einer fehlerhaften Befestigung verpflichtet, diese nach der ersten Ank\u00fcndigung wieder anzubringen.  <\/p>\n<p>Nach dem Aufstellen oder Erweitern des Denkmals und\/oder dem Hinzuf\u00fcgen einer (zus\u00e4tzlichen) Inschrift werden dem rechtm\u00e4\u00dfigen Eigent\u00fcmer der Grabstelle (zus\u00e4tzliche) Denkmalpflegekosten in Rechnung gestellt.<\/p>\n<p>Die Einrichtung von Grabgew\u00f6lben, in welcher Form auch immer, erfolgt ausschlie\u00dflich in Absprache mit Westerveld Cemetery &amp; Crematorium.<\/p>\n<p>Der Friedhof &amp; das Krematorium Westerveld befindet sich in h\u00fcgeligem Terrain. Die Bestimmung eines eventuellen Gef\u00e4lles liegt in der Verantwortung des Steinmetzes. <\/p>\n<p>Steinmetze d\u00fcrfen ohne Genehmigung von Westerveld Cemetery &amp; Crematorium keine Arbeiten an Gr\u00e4bern, Urnengr\u00e4bern und Gedenkst\u00e4tten f\u00fcr Dritte durchf\u00fchren.<\/p>\n<p>Steinmetze d\u00fcrfen ihre Namen, Initialen oder andere Herkunftszeichen nicht auf dem Denkmal anbringen. Jedes Zeichen der Herkunft wird auf Kosten des Lizenzinhabers entfernt. <\/p>\n<p><span style=\"font-weight: bolder;\">Abmessungen von Gedenkgr\u00e4bern und Urnengr\u00e4bern:<\/span><\/p>\n<table style=\"background-color: #ffffff; width: 748px;\">\n<tbody>\n<tr>\n<td style=\"width: 249px;\"><span style=\"font-weight: bold;\">Grabsteine:<\/span><\/td>\n<td style=\"width: 249px;\"> <\/td>\n<td style=\"width: 249px;\"> <\/td>\n<\/tr>\n<tr>\n<td style=\"width: 249px;\">Kleiner als<\/td>\n<td style=\"width: 249px;\">2,00 x 1,00 m<\/td>\n<td style=\"width: 249px;\">Mindestens 8 cm dick<\/td>\n<\/tr>\n<tr>\n<td style=\"width: 249px;\">von<\/td>\n<td style=\"width: 249px;\">2,00 x 1,00 m<\/td>\n<td style=\"width: 249px;\">mindestens 10 cm dick<\/td>\n<\/tr>\n<tr>\n<td style=\"width: 249px;\">von<\/td>\n<td style=\"width: 249px;\">2,60 x 1,30 m<\/td>\n<td style=\"width: 249px;\">mindestens 12 cm dick<i>,<\/i><i>wenn Granit 10 cm erlaubt ist<\/i><\/td>\n<\/tr>\n<\/tbody>\n<\/table>\n<table style=\"background-color: #ffffff; width: 748px;\">\n<tbody>\n<tr>\n<td style=\"width: 249px;\"><span style=\"font-weight: bold;\">Tags:<\/span><\/td>\n<td style=\"width: 249px;\"> <\/td>\n<td style=\"width: 249px;\"> <\/td>\n<\/tr>\n<tr>\n<td style=\"width: 249px;\">Kleiner als<\/td>\n<td style=\"width: 249px;\">2,00 x 1,00 m<\/td>\n<td style=\"width: 249px;\">mindestens 8 x 8 cm<\/td>\n<\/tr>\n<tr>\n<td style=\"width: 249px;\">von<\/td>\n<td style=\"width: 249px;\">2,00 x 1,00 m<\/td>\n<td style=\"width: 249px;\">mindestens 10 x 8 cm<\/td>\n<\/tr>\n<tr>\n<td style=\"width: 249px;\">von<\/td>\n<td style=\"width: 249px;\">2,60 x 1,30 m<\/td>\n<td style=\"width: 249px;\">12 x 10 cm Minimum<\/td>\n<\/tr>\n<\/tbody>\n<\/table>\n<table style=\"background-color: #ffffff; width: 748px;\">\n<tbody>\n<tr>\n<td style=\"width: 249px;\"><span style=\"font-weight: bold;\">Versiegelungsplatten:<\/span><\/td>\n<td style=\"width: 249px;\"> <\/td>\n<\/tr>\n<tr>\n<td style=\"width: 249px;\">zwischen oder auf die Markierungsb\u00e4nder gelegt<\/td>\n<td style=\"width: 249px;\"><span style=\"font-family: var( --e-global-typography-text-font-family ), Sans-serif; font-weight: var( --e-global-typography-1435b19-font-weight ); letter-spacing: var( --e-global-typography-1435b19-letter-spacing ); color: var( --e-global-color-d7c5ed8 );\">mindestens 3 cm dick<\/span><span style=\"font-family: var( --e-global-typography-text-font-family ), Sans-serif; font-size: var( --e-global-typography-1435b19-font-size ); font-weight: var( --e-global-typography-1435b19-font-weight ); letter-spacing: var( --e-global-typography-1435b19-letter-spacing ); color: var( --e-global-color-d7c5ed8 );\"> <\/span><\/td>\n<\/tr>\n<\/tbody>\n<\/table>\n<p>Vom Boden aus gerechnet, ist eine maximale H\u00f6he von 80 cm erlaubt. Die Mindestdicke eines stehenden Steins betr\u00e4gt 8 cm, auch wenn er von gef\u00e4lzten Eckbl\u00f6cken ummantelt ist.   <\/p>\n<p>Auf einem allgemeinen Grab darf nur ein Blaustein-Grabstein mit den Ma\u00dfen 46 cm breit, 40 cm lang und 10 cm dick aufgestellt werden. Nach der Aufstellung eines Grabsteins auf einem allgemeinen Grab werden dem Auftraggeber j\u00e4hrliche Kosten f\u00fcr die Pflege des Grabsteins und die allgemeine Pflege des Friedhofs in Rechnung gestellt. Die H\u00f6he dieser Pflegekosten entspricht dem geltenden Tarif f\u00fcr die allgemeine Pflege.  <\/p>\n<table style=\"background-color: #ffffff; width: 748px;\">\n<tbody>\n<tr>\n<td style=\"width: 249px;\"><span style=\"font-weight: bold;\">Urnengarten in Box LL (Friedhof):<\/span><\/td>\n<td style=\"width: 249px;\"> <\/td>\n<\/tr>\n<tr>\n<td style=\"width: 249px;\">Grabsteine (auch Sockel)<\/td>\n<td style=\"width: 249px;\">50 x 50 x 10 cm<\/td>\n<\/tr>\n<tr>\n<td style=\"width: 249px;\">Denkm\u00e4ler (inkl. S\u00e4ulen)<\/td>\n<td style=\"width: 249px;\">min. 25 cm breit min. 50 cm &#8211; max. 65 cm hoch<\/td>\n<\/tr>\n<\/tbody>\n<\/table>\n<table style=\"background-color: #ffffff; width: 748px;\">\n<tbody>\n<tr>\n<td style=\"width: 249px;\"><b>Waldrand (UBR)<\/b><\/td>\n<td style=\"width: 249px;\"> <\/td>\n<\/tr>\n<tr>\n<td style=\"width: 249px;\">Denkm\u00e4ler (inkl. S\u00e4ulen)<\/td>\n<td style=\"width: 249px;\">min. 50 cm &#8211; max. 150 cm hoch min. 25 cm &#8211; max. 50 cm breit<\/td>\n<\/tr>\n<\/tbody>\n<\/table>\n<p>Der Bosrand ist f\u00fcr k\u00fcnstlerische Denkm\u00e4ler gedacht, wobei die oben genannten Ma\u00dfe .<\/p>\n<table style=\"background-color: #ffffff; width: 748px;\">\n<tbody>\n<tr>\n<td style=\"width: 249px;\"><b>Beech Court (BKH)<\/b><\/td>\n<td style=\"width: 249px;\"> <\/td>\n<\/tr>\n<tr>\n<td style=\"width: 249px;\">Grabsteine<\/td>\n<td style=\"width: 249px;\">50 x 50 x 10 cm<\/td>\n<\/tr>\n<tr>\n<td style=\"width: 249px;\">Denkm\u00e4ler (inkl. S\u00e4ulen)<\/td>\n<td style=\"width: 249px;\">min. 50 cm &#8211; max. 150 hoch min. 25 cm &#8211; max. 50 cm breit<\/td>\n<\/tr>\n<\/tbody>\n<\/table>\n<table style=\"background-color: #ffffff; width: 748px;\">\n<tbody>\n<tr>\n<td style=\"width: 249px;\"><b>Kleeblatt (KLB)<\/b><\/td>\n<td style=\"width: 249px;\"> <\/td>\n<\/tr>\n<tr>\n<td style=\"width: 249px;\">Grabsteine<\/td>\n<td style=\"width: 249px;\">50 x 50 x 8 cm<\/td>\n<\/tr>\n<\/tbody>\n<\/table>\n<table style=\"background-color: #ffffff; width: 748px;\">\n<tbody>\n<tr>\n<td style=\"width: 249px;\"><b>Urnengarten (URR)<\/b><\/td>\n<td style=\"width: 249px;\"> <\/td>\n<\/tr>\n<tr>\n<td style=\"width: 249px;\">Grabsteine<\/td>\n<td style=\"width: 249px;\">50 x 50 x 10 cm<\/td>\n<\/tr>\n<tr>\n<td style=\"width: 249px;\">Denkm\u00e4ler (inkl. S\u00e4ulen)<\/td>\n<td style=\"width: 249px;\">min. 50 cm &#8211; max. 65 cm hoch min. 25 cm &#8211; 50 cm breit<\/td>\n<\/tr>\n<\/tbody>\n<\/table>\n<table style=\"background-color: #ffffff; width: 748px;\">\n<tbody>\n<tr>\n<td style=\"width: 249px;\"><b>Monumentaler Urnengarten<\/b><\/td>\n<td style=\"width: 249px;\">Dudok-Urne, Eigentum von Westerveld<\/td>\n<\/tr>\n<\/tbody>\n<\/table>\n<p>Die Ma\u00dfe der Bepflanzung im Urnengarten entnehmen Sie bitte den diesbez\u00fcglichen Bestimmungen im Vertrag.<\/p>\n<p><em>August 2020<\/em><\/p>\n\t\t\t\t\t\t\t\t<\/div>\n\t\t\t\t<\/div>\n\t\t\t\t\t<\/div>\n\t\t<\/div>\n\t\t\t\t\t<\/div>\n\t\t<\/section>\n\t\t\t\t<section class=\"elementor-section elementor-top-section elementor-element elementor-element-7ed5fd0 new elementor-section-boxed elementor-section-height-default elementor-section-height-default\" data-id=\"7ed5fd0\" data-element_type=\"section\" data-e-type=\"section\">\n\t\t\t\t\t\t<div class=\"elementor-container elementor-column-gap-default\">\n\t\t\t\t\t<div class=\"elementor-column elementor-col-100 elementor-top-column elementor-element elementor-element-1b6a88f\" data-id=\"1b6a88f\" data-element_type=\"column\" data-e-type=\"column\">\n\t\t\t<div class=\"elementor-widget-wrap elementor-element-populated\">\n\t\t\t\t\t\t<div class=\"elementor-element elementor-element-a084e38 elementor-widget elementor-widget-spacer\" data-id=\"a084e38\" data-element_type=\"widget\" data-e-type=\"widget\" data-widget_type=\"spacer.default\">\n\t\t\t\t<div class=\"elementor-widget-container\">\n\t\t\t\t\t\t\t<div class=\"elementor-spacer\">\n\t\t\t<div class=\"elementor-spacer-inner\"><\/div>\n\t\t<\/div>\n\t\t\t\t\t\t<\/div>\n\t\t\t\t<\/div>\n\t\t\t\t\t<\/div>\n\t\t<\/div>\n\t\t\t\t\t<\/div>\n\t\t<\/section>\n\t\t\t\t<\/div>\n\t\t","protected":false},"excerpt":{"rendered":"","protected":false},"author":1,"featured_media":0,"parent":0,"menu_order":0,"comment_status":"closed","ping_status":"closed","template":"","meta":{"_acf_changed":false,"footnotes":""},"class_list":["post-50917","page","type-page","status-publish","hentry"],"acf":[],"yoast_head":"<!-- This site is optimized with the Yoast SEO plugin v27.4 - https:\/\/yoast.com\/product\/yoast-seo-wordpress\/ -->\n<title>R\u00fcckstellungen Gedenkst\u00e4tte &#060; Crematorium Venlo<\/title>\n<meta name=\"description\" content=\"R\u00fcckstellungen Gedenkst\u00e4tte\" \/>\n<meta name=\"robots\" content=\"index, follow, max-snippet:-1, max-image-preview:large, max-video-preview:-1\" \/>\n<link rel=\"canonical\" href=\"https:\/\/crematoriumvenlo.nl\/de\/rueckstellungen-gedenkstaette\/\" \/>\n<meta property=\"og:locale\" content=\"de_DE\" \/>\n<meta property=\"og:type\" content=\"article\" \/>\n<meta property=\"og:title\" content=\"R\u00fcckstellungen Gedenkst\u00e4tte &#060; Crematorium Venlo\" \/>\n<meta property=\"og:description\" content=\"R\u00fcckstellungen Gedenkst\u00e4tte\" \/>\n<meta property=\"og:url\" content=\"https:\/\/crematoriumvenlo.nl\/de\/rueckstellungen-gedenkstaette\/\" \/>\n<meta property=\"og:site_name\" content=\"Crematorium Venlo\" \/>\n<meta property=\"article:modified_time\" content=\"2025-01-07T13:21:01+00:00\" \/>\n<meta name=\"twitter:card\" content=\"summary_large_image\" \/>\n<meta name=\"twitter:label1\" content=\"Gesch\u00e4tzte Lesezeit\" \/>\n\t<meta name=\"twitter:data1\" content=\"5\u00a0Minuten\" \/>\n<script type=\"application\/ld+json\" class=\"yoast-schema-graph\">{\"@context\":\"https:\\\/\\\/schema.org\",\"@graph\":[{\"@type\":\"WebPage\",\"@id\":\"https:\\\/\\\/crematoriumvenlo.nl\\\/de\\\/rueckstellungen-gedenkstaette\\\/\",\"url\":\"https:\\\/\\\/crematoriumvenlo.nl\\\/de\\\/rueckstellungen-gedenkstaette\\\/\",\"name\":\"R\u00fcckstellungen Gedenkst\u00e4tte &#060; Crematorium Venlo\",\"isPartOf\":{\"@id\":\"https:\\\/\\\/crematoriumvenlo.nl\\\/de\\\/#website\"},\"datePublished\":\"2021-06-18T05:34:08+00:00\",\"dateModified\":\"2025-01-07T13:21:01+00:00\",\"description\":\"R\u00fcckstellungen Gedenkst\u00e4tte\",\"breadcrumb\":{\"@id\":\"https:\\\/\\\/crematoriumvenlo.nl\\\/de\\\/rueckstellungen-gedenkstaette\\\/#breadcrumb\"},\"inLanguage\":\"de\",\"potentialAction\":[{\"@type\":\"ReadAction\",\"target\":[\"https:\\\/\\\/crematoriumvenlo.nl\\\/de\\\/rueckstellungen-gedenkstaette\\\/\"]}]},{\"@type\":\"BreadcrumbList\",\"@id\":\"https:\\\/\\\/crematoriumvenlo.nl\\\/de\\\/rueckstellungen-gedenkstaette\\\/#breadcrumb\",\"itemListElement\":[{\"@type\":\"ListItem\",\"position\":1,\"name\":\"Sie sind hier: Home\",\"item\":\"https:\\\/\\\/crematoriumvenlo.nl\\\/de\\\/\"},{\"@type\":\"ListItem\",\"position\":2,\"name\":\"R\u00fcckstellungen Gedenkst\u00e4tte\"}]},{\"@type\":\"WebSite\",\"@id\":\"https:\\\/\\\/crematoriumvenlo.nl\\\/de\\\/#website\",\"url\":\"https:\\\/\\\/crematoriumvenlo.nl\\\/de\\\/\",\"name\":\"Crematorium Venlo\",\"description\":\"\",\"publisher\":{\"@id\":\"https:\\\/\\\/crematoriumvenlo.nl\\\/de\\\/#organization\"},\"potentialAction\":[{\"@type\":\"SearchAction\",\"target\":{\"@type\":\"EntryPoint\",\"urlTemplate\":\"https:\\\/\\\/crematoriumvenlo.nl\\\/de\\\/?s={search_term_string}\"},\"query-input\":{\"@type\":\"PropertyValueSpecification\",\"valueRequired\":true,\"valueName\":\"search_term_string\"}}],\"inLanguage\":\"de\"},{\"@type\":\"Organization\",\"@id\":\"https:\\\/\\\/crematoriumvenlo.nl\\\/de\\\/#organization\",\"name\":\"Crematorium Venlo\",\"url\":\"https:\\\/\\\/crematoriumvenlo.nl\\\/de\\\/\",\"logo\":{\"@type\":\"ImageObject\",\"inLanguage\":\"de\",\"@id\":\"https:\\\/\\\/crematoriumvenlo.nl\\\/de\\\/#\\\/schema\\\/logo\\\/image\\\/\",\"url\":\"\",\"contentUrl\":\"\",\"caption\":\"Crematorium Venlo\"},\"image\":{\"@id\":\"https:\\\/\\\/crematoriumvenlo.nl\\\/de\\\/#\\\/schema\\\/logo\\\/image\\\/\"}}]}<\/script>\n<!-- \/ Yoast SEO plugin. -->","yoast_head_json":{"title":"R\u00fcckstellungen Gedenkst\u00e4tte &#060; Crematorium Venlo","description":"R\u00fcckstellungen Gedenkst\u00e4tte","robots":{"index":"index","follow":"follow","max-snippet":"max-snippet:-1","max-image-preview":"max-image-preview:large","max-video-preview":"max-video-preview:-1"},"canonical":"https:\/\/crematoriumvenlo.nl\/de\/rueckstellungen-gedenkstaette\/","og_locale":"de_DE","og_type":"article","og_title":"R\u00fcckstellungen Gedenkst\u00e4tte &#060; Crematorium Venlo","og_description":"R\u00fcckstellungen Gedenkst\u00e4tte","og_url":"https:\/\/crematoriumvenlo.nl\/de\/rueckstellungen-gedenkstaette\/","og_site_name":"Crematorium Venlo","article_modified_time":"2025-01-07T13:21:01+00:00","twitter_card":"summary_large_image","twitter_misc":{"Gesch\u00e4tzte Lesezeit":"5\u00a0Minuten"},"schema":{"@context":"https:\/\/schema.org","@graph":[{"@type":"WebPage","@id":"https:\/\/crematoriumvenlo.nl\/de\/rueckstellungen-gedenkstaette\/","url":"https:\/\/crematoriumvenlo.nl\/de\/rueckstellungen-gedenkstaette\/","name":"R\u00fcckstellungen Gedenkst\u00e4tte &#060; Crematorium Venlo","isPartOf":{"@id":"https:\/\/crematoriumvenlo.nl\/de\/#website"},"datePublished":"2021-06-18T05:34:08+00:00","dateModified":"2025-01-07T13:21:01+00:00","description":"R\u00fcckstellungen Gedenkst\u00e4tte","breadcrumb":{"@id":"https:\/\/crematoriumvenlo.nl\/de\/rueckstellungen-gedenkstaette\/#breadcrumb"},"inLanguage":"de","potentialAction":[{"@type":"ReadAction","target":["https:\/\/crematoriumvenlo.nl\/de\/rueckstellungen-gedenkstaette\/"]}]},{"@type":"BreadcrumbList","@id":"https:\/\/crematoriumvenlo.nl\/de\/rueckstellungen-gedenkstaette\/#breadcrumb","itemListElement":[{"@type":"ListItem","position":1,"name":"Sie sind hier: Home","item":"https:\/\/crematoriumvenlo.nl\/de\/"},{"@type":"ListItem","position":2,"name":"R\u00fcckstellungen Gedenkst\u00e4tte"}]},{"@type":"WebSite","@id":"https:\/\/crematoriumvenlo.nl\/de\/#website","url":"https:\/\/crematoriumvenlo.nl\/de\/","name":"Crematorium Venlo","description":"","publisher":{"@id":"https:\/\/crematoriumvenlo.nl\/de\/#organization"},"potentialAction":[{"@type":"SearchAction","target":{"@type":"EntryPoint","urlTemplate":"https:\/\/crematoriumvenlo.nl\/de\/?s={search_term_string}"},"query-input":{"@type":"PropertyValueSpecification","valueRequired":true,"valueName":"search_term_string"}}],"inLanguage":"de"},{"@type":"Organization","@id":"https:\/\/crematoriumvenlo.nl\/de\/#organization","name":"Crematorium Venlo","url":"https:\/\/crematoriumvenlo.nl\/de\/","logo":{"@type":"ImageObject","inLanguage":"de","@id":"https:\/\/crematoriumvenlo.nl\/de\/#\/schema\/logo\/image\/","url":"","contentUrl":"","caption":"Crematorium Venlo"},"image":{"@id":"https:\/\/crematoriumvenlo.nl\/de\/#\/schema\/logo\/image\/"}}]}},"_links":{"self":[{"href":"https:\/\/crematoriumvenlo.nl\/de\/wp-json\/wp\/v2\/pages\/50917","targetHints":{"allow":["GET"]}}],"collection":[{"href":"https:\/\/crematoriumvenlo.nl\/de\/wp-json\/wp\/v2\/pages"}],"about":[{"href":"https:\/\/crematoriumvenlo.nl\/de\/wp-json\/wp\/v2\/types\/page"}],"author":[{"embeddable":true,"href":"https:\/\/crematoriumvenlo.nl\/de\/wp-json\/wp\/v2\/users\/1"}],"replies":[{"embeddable":true,"href":"https:\/\/crematoriumvenlo.nl\/de\/wp-json\/wp\/v2\/comments?post=50917"}],"version-history":[{"count":1,"href":"https:\/\/crematoriumvenlo.nl\/de\/wp-json\/wp\/v2\/pages\/50917\/revisions"}],"predecessor-version":[{"id":50918,"href":"https:\/\/crematoriumvenlo.nl\/de\/wp-json\/wp\/v2\/pages\/50917\/revisions\/50918"}],"wp:attachment":[{"href":"https:\/\/crematoriumvenlo.nl\/de\/wp-json\/wp\/v2\/media?parent=50917"}],"curies":[{"name":"wp","href":"https:\/\/api.w.org\/{rel}","templated":true}]}}